{"id":1096,"date":"2024-10-09T01:41:49","date_gmt":"2024-10-09T01:41:49","guid":{"rendered":"https:\/?page_id=1096"},"modified":"2025-10-03T21:35:16","modified_gmt":"2025-10-03T21:35:16","slug":"cartelera-artistas","status":"publish","type":"page","link":"https:\/\/congresomundialdelmariachi.com\/en\/cartelera-artistas\/","title":{"rendered":"Cartelera"},"content":{"rendered":"<p>[et_pb_section fb_built=&#8221;1&#8243; _builder_version=&#8221;4.27.2&#8243; _module_preset=&#8221;default&#8221; global_colors_info=&#8221;{}&#8221;][et_pb_row _builder_version=&#8221;4.27.2&#8243; _module_preset=&#8221;default&#8221; global_colors_info=&#8221;{}&#8221;][et_pb_column type=&#8221;4_4&#8243; _builder_version=&#8221;4.27.2&#8243; _module_preset=&#8221;default&#8221; global_colors_info=&#8221;{}&#8221;][et_pb_image src=&#8221;https:\/\/congresomundialdelmariachi.com\/wp-content\/uploads\/2024\/10\/cartelera.png&#8221; alt=&#8221;CARTELERA 1ER CONGRESO MUNDIAL DEL MARIACHI&#8221; title_text=&#8221;CARTELERA 1ER CONGRESO MUNDIAL DEL MARIACHI&#8221; _builder_version=&#8221;4.27.2&#8243; _module_preset=&#8221;default&#8221; global_colors_info=&#8221;{}&#8221;][\/et_pb_image][et_pb_text _builder_version=&#8221;4.27.2&#8243; _module_preset=&#8221;default&#8221; text_font=&#8221;|700|||||||&#8221; text_text_color=&#8221;#000000&#8243; text_font_size=&#8221;25px&#8221; text_orientation=&#8221;center&#8221; global_colors_info=&#8221;{}&#8221;]<\/p>\n<p>Conoce a las agrupaciones de mariachi que nos pondr\u00e1n a bailar y cantar en el 1er Congreso Mundial del Mariachi<\/p>\n<p>[\/et_pb_text][\/et_pb_column][\/et_pb_row][et_pb_row column_structure=&#8221;1_3,1_3,1_3&#8243; _builder_version=&#8221;4.27.4&#8243; _module_preset=&#8221;default&#8221; width=&#8221;95%&#8221; max_width=&#8221;2560px&#8221; global_colors_info=&#8221;{}&#8221;][et_pb_column type=&#8221;1_3&#8243; _builder_version=&#8221;4.27.2&#8243; _module_preset=&#8221;default&#8221; global_colors_info=&#8221;{}&#8221;][dnxtiel_next_image_effect dnxtiel_image=&#8221;https:\/\/congresomundialdelmariachi.com\/wp-content\/uploads\/2024\/10\/MARIACHI-DE-AMERICA-DE-JESUS-RODRIGUEZ-DE-HIJAR-2-1.jpg&#8221; dnxtiel_heading_text=&#8221;Mariachi de Am\u00e9rica de Jes\u00fas Rodr\u00edguez de Hijar&#8221; dnxtiel_image_hover_effect=&#8221;shutter-in-out-diag-2&#8243; dnxtiel_hover_bg=&#8221;#E3A924&#8243; _builder_version=&#8221;4.27.2&#8243; _module_preset=&#8221;default&#8221; hover_text_fonts_font=&#8221;|700||on|||||&#8221; border_radii=&#8221;off|50px|50px|0px|0px&#8221; global_colors_info=&#8221;{}&#8221;][\/dnxtiel_next_image_effect][et_pb_text _builder_version=&#8221;4.27.2&#8243; _module_preset=&#8221;default&#8221; text_font=&#8221;|700||on|||||&#8221; text_text_color=&#8221;#E3A924&#8243; text_font_size=&#8221;20px&#8221; text_line_height=&#8221;1em&#8221; text_orientation=&#8221;center&#8221; custom_margin=&#8221;-30px||||false|false&#8221; global_colors_info=&#8221;{}&#8221;]<\/p>\n<p><span>Mariachi de Am\u00e9rica de Jes\u00fas Rodr\u00edguez de Hijar<\/span><\/p>\n<p>[\/et_pb_text][et_pb_text _builder_version=&#8221;4.27.2&#8243; _module_preset=&#8221;default&#8221; text_text_color=&#8221;#003366&#8243; text_orientation=&#8221;center&#8221; custom_margin=&#8221;-25px||||false|false&#8221; global_colors_info=&#8221;{}&#8221;]<\/p>\n<p>Esta agrupaci\u00f3n llena de tradici\u00f3n ha estado acompa\u00f1ando a artistas como: Lola Beltr\u00e1n, Rocio D\u00farcal, Vicente Fern\u00e1ndez, Javier Solis, Juan Gabriel, entre otros. Ha tocado en diferentes pa\u00edses alrededor del mundo llevando la m\u00fasica mexicana en alto<\/p>\n<p>[\/et_pb_text][el_modal_popup modal_id=&#8221;el_modal_popup_module_180&#8243; trigger_button_text=&#8221;Ver Video&#8221; modal_content_type=&#8221;video&#8221; modal_content_video=&#8221;https:\/\/congresomundialdelmariachi.com\/wp-content\/uploads\/2025\/10\/Mariachi-America-de-Jesus-Rodriguez-de-Hijar.mp4&#8243; modal_custom_margin=&#8221;||||false|false&#8221; modal_close_icon_color=&#8221;#E3A924&#8243; _builder_version=&#8221;4.27.4&#8243; _module_preset=&#8221;default&#8221; custom_trigger_button=&#8221;on&#8221; trigger_button_bg_color=&#8221;#E3A924&#8243; custom_close_button=&#8221;on&#8221; close_button_text_color=&#8221;#003366&#8243; text_orientation=&#8221;center&#8221; custom_margin=&#8221;-20px||||false|false&#8221; locked=&#8221;off&#8221; global_colors_info=&#8221;{}&#8221; trigger_button_bg_color__hover_enabled=&#8221;on|hover&#8221; trigger_button_bg_color__hover=&#8221;#003366&#8243; trigger_button_bg_enable_color__hover=&#8221;on&#8221;][\/el_modal_popup][\/et_pb_column][et_pb_column type=&#8221;1_3&#8243; _builder_version=&#8221;4.27.2&#8243; _module_preset=&#8221;default&#8221; global_colors_info=&#8221;{}&#8221;][dnxtiel_next_image_effect dnxtiel_image=&#8221;https:\/\/congresomundialdelmariachi.com\/wp-content\/uploads\/2024\/10\/MARIACHI-2000.png&#8221; dnxtiel_heading_text=&#8221;MARIACHI 2000 DE CUTBERTO P\u00c9REZ&#8221; dnxtiel_image_hover_effect=&#8221;shutter-in-out-diag-2&#8243; dnxtiel_hover_bg=&#8221;#E3A924&#8243; _builder_version=&#8221;4.27.2&#8243; _module_preset=&#8221;default&#8221; hover_text_fonts_font=&#8221;|700|||||||&#8221; border_radii=&#8221;off|50px|50px|0px|0px&#8221; global_colors_info=&#8221;{}&#8221;][\/dnxtiel_next_image_effect][et_pb_text _builder_version=&#8221;4.27.2&#8243; _module_preset=&#8221;default&#8221; text_font=&#8221;|700||on|||||&#8221; text_text_color=&#8221;#E3A924&#8243; text_font_size=&#8221;20px&#8221; text_line_height=&#8221;1em&#8221; text_orientation=&#8221;center&#8221; custom_margin=&#8221;-30px||||false|false&#8221; global_colors_info=&#8221;{}&#8221;]<\/p>\n<p><span>Mariachi 2000 de Cutberto P\u00e9rez<\/span><\/p>\n<p>[\/et_pb_text][et_pb_text _builder_version=&#8221;4.27.2&#8243; _module_preset=&#8221;default&#8221; text_text_color=&#8221;#003366&#8243; text_orientation=&#8221;center&#8221; custom_margin=&#8221;-25px||||false|false&#8221; global_colors_info=&#8221;{}&#8221;]<\/p>\n<p>Mariachi nacido en Plaza Garibaldi, con m\u00e1s de 41 a\u00f1os de trayectoria, <span>\u00a0se ha presentado en Madrid, Sevilla, Portugal, Alemania, Cuba, Las Bahamas, Londres, entre otros<\/span><\/p>\n<p>[\/et_pb_text][el_modal_popup modal_id=&#8221;el_modal_popup_module_170&#8243; trigger_button_text=&#8221;Ver Video&#8221; modal_content_type=&#8221;video&#8221; modal_content_video=&#8221;https:\/\/congresomundialdelmariachi.com\/wp-content\/uploads\/2025\/10\/Mariachi-2000-de-Cutberto-Perez.mp4&#8243; modal_custom_margin=&#8221;||||false|false&#8221; modal_close_icon_color=&#8221;#E3A924&#8243; _builder_version=&#8221;4.27.4&#8243; _module_preset=&#8221;default&#8221; custom_trigger_button=&#8221;on&#8221; trigger_button_bg_color=&#8221;#E3A924&#8243; custom_close_button=&#8221;on&#8221; close_button_text_color=&#8221;#003366&#8243; text_orientation=&#8221;center&#8221; custom_margin=&#8221;-20px||||false|false&#8221; global_colors_info=&#8221;{}&#8221; trigger_button_bg_color__hover_enabled=&#8221;on|hover&#8221; trigger_button_bg_color__hover=&#8221;#003366&#8243; trigger_button_bg_enable_color__hover=&#8221;on&#8221;][\/el_modal_popup][\/et_pb_column][et_pb_column type=&#8221;1_3&#8243; _builder_version=&#8221;4.27.2&#8243; _module_preset=&#8221;default&#8221; global_colors_info=&#8221;{}&#8221;][dnxtiel_next_image_effect dnxtiel_image=&#8221;https:\/\/congresomundialdelmariachi.com\/wp-content\/uploads\/2024\/10\/460616462_1040992328031924_7809699129643407642_n.jpg&#8221; dnxtiel_heading_text=&#8221;MARIACHI M\u00c9XICO DE PEPE VILLA&#8221; dnxtiel_image_hover_effect=&#8221;shutter-in-out-diag-2&#8243; dnxtiel_hover_bg=&#8221;#E3A924&#8243; _builder_version=&#8221;4.27.4&#8243; _module_preset=&#8221;default&#8221; hover_text_fonts_font=&#8221;|700|||||||&#8221; border_radii=&#8221;off|50px|50px|0px|0px&#8221; global_colors_info=&#8221;{}&#8221;][\/dnxtiel_next_image_effect][et_pb_text _builder_version=&#8221;4.27.2&#8243; _module_preset=&#8221;default&#8221; text_font=&#8221;|700||on|||||&#8221; text_text_color=&#8221;#E3A924&#8243; text_font_size=&#8221;20px&#8221; text_line_height=&#8221;1em&#8221; text_orientation=&#8221;center&#8221; custom_margin=&#8221;-30px||||false|false&#8221; global_colors_info=&#8221;{}&#8221;]<\/p>\n<p>Mariachi M\u00e9xico de Pepe Villa<\/p>\n<p>[\/et_pb_text][et_pb_text _builder_version=&#8221;4.27.2&#8243; _module_preset=&#8221;default&#8221; text_text_color=&#8221;#003366&#8243; text_orientation=&#8221;center&#8221; custom_margin=&#8221;-25px||||false|false&#8221; global_colors_info=&#8221;{}&#8221;]<\/p>\n<p>A lo largo de 70 a\u00f1os ha tocado en eventos hist\u00f3ricos como los Juegos Ol\u00edmpicos de 1968 y el Mundial. Cuentan con 135 discos grabados<\/p>\n<p>[\/et_pb_text][el_modal_popup modal_id=&#8221;el_modal_popup_module_172&#8243; trigger_button_text=&#8221;Ver Video&#8221; modal_content_type=&#8221;video&#8221; modal_content_video=&#8221;https:\/\/congresomundialdelmariachi.com\/wp-content\/uploads\/2025\/10\/MARIACHI-DE-PEPE-VILLA.mp4&#8243; modal_custom_margin=&#8221;||||false|false&#8221; modal_close_icon_color=&#8221;#E3A924&#8243; _builder_version=&#8221;4.27.4&#8243; _module_preset=&#8221;default&#8221; custom_trigger_button=&#8221;on&#8221; trigger_button_bg_color=&#8221;#E3A924&#8243; custom_close_button=&#8221;on&#8221; close_button_text_color=&#8221;#003366&#8243; text_orientation=&#8221;center&#8221; custom_margin=&#8221;-20px||||false|false&#8221; locked=&#8221;off&#8221; global_colors_info=&#8221;{}&#8221; trigger_button_bg_color__hover_enabled=&#8221;on|hover&#8221; trigger_button_bg_color__hover=&#8221;#003366&#8243; trigger_button_bg_enable_color__hover=&#8221;on&#8221;][\/el_modal_popup][\/et_pb_column][\/et_pb_row][et_pb_row column_structure=&#8221;1_3,1_3,1_3&#8243; _builder_version=&#8221;4.27.2&#8243; _module_preset=&#8221;default&#8221; width=&#8221;95%&#8221; max_width=&#8221;2560px&#8221; global_colors_info=&#8221;{}&#8221;][et_pb_column type=&#8221;1_3&#8243; _builder_version=&#8221;4.27.2&#8243; _module_preset=&#8221;default&#8221; global_colors_info=&#8221;{}&#8221;][dnxtiel_next_image_effect dnxtiel_image=&#8221;https:\/\/congresomundialdelmariachi.com\/wp-content\/uploads\/2024\/10\/430081761_1017054473127735_4067623313505942075_n-2.jpg&#8221; dnxtiel_heading_text=&#8221;MARIACHI ARCE DE M\u00c9XICO&#8221; dnxtiel_image_hover_effect=&#8221;shutter-in-out-diag-2&#8243; dnxtiel_hover_bg=&#8221;#E3A924&#8243; _builder_version=&#8221;4.27.2&#8243; _module_preset=&#8221;default&#8221; hover_text_fonts_font=&#8221;|700|||||||&#8221; border_radii=&#8221;off|50px|50px|0px|0px&#8221; global_colors_info=&#8221;{}&#8221;][\/dnxtiel_next_image_effect][et_pb_text _builder_version=&#8221;4.27.2&#8243; _module_preset=&#8221;default&#8221; text_font=&#8221;|700||on|||||&#8221; text_text_color=&#8221;#E3A924&#8243; text_font_size=&#8221;20px&#8221; text_line_height=&#8221;1em&#8221; text_orientation=&#8221;center&#8221; custom_margin=&#8221;-30px||||false|false&#8221; global_colors_info=&#8221;{}&#8221;]<\/p>\n<p><span>Mariachi ARCE DE M\u00c9XICO<\/span><\/p>\n<p>[\/et_pb_text][et_pb_text _builder_version=&#8221;4.27.2&#8243; _module_preset=&#8221;default&#8221; text_text_color=&#8221;#003366&#8243; text_orientation=&#8221;center&#8221; custom_margin=&#8221;-25px||||false|false&#8221; global_colors_info=&#8221;{}&#8221;]<\/p>\n<p>una agrupaci\u00f3n originaria de la Ciudad de Puebla, fundada el 22 de mayo del a\u00f1o 2016. Ha participado en diversos festivales y eventos, acompa\u00f1ando a grandes artistas de talla nacional e internacional<\/p>\n<p>[\/et_pb_text][el_modal_popup modal_id=&#8221;el_modal_popup_module_175&#8243; trigger_button_text=&#8221;Ver Video&#8221; modal_content_type=&#8221;video&#8221; modal_content_video=&#8221;https:\/\/congresomundialdelmariachi.com\/wp-content\/uploads\/2025\/10\/Mariachi-Arce-de-Mexico.mp4&#8243; modal_custom_margin=&#8221;||||false|false&#8221; modal_close_icon_color=&#8221;#E3A924&#8243; _builder_version=&#8221;4.27.4&#8243; _module_preset=&#8221;default&#8221; custom_trigger_button=&#8221;on&#8221; trigger_button_bg_color=&#8221;#E3A924&#8243; custom_close_button=&#8221;on&#8221; close_button_text_color=&#8221;#003366&#8243; text_orientation=&#8221;center&#8221; custom_margin=&#8221;-20px||||false|false&#8221; locked=&#8221;off&#8221; global_colors_info=&#8221;{}&#8221; trigger_button_bg_color__hover_enabled=&#8221;on|hover&#8221; trigger_button_bg_color__hover=&#8221;#003366&#8243; trigger_button_bg_enable_color__hover=&#8221;on&#8221;][\/el_modal_popup][\/et_pb_column][et_pb_column type=&#8221;1_3&#8243; _builder_version=&#8221;4.27.2&#8243; _module_preset=&#8221;default&#8221; global_colors_info=&#8221;{}&#8221;][dnxtiel_next_image_effect dnxtiel_image=&#8221;https:\/\/congresomundialdelmariachi.com\/wp-content\/uploads\/2024\/10\/454238939_1027527935394344_6093757014815517130_n-2.jpg&#8221; dnxtiel_heading_text=&#8221;MARIACHI GALLOS DE M\u00c9XICO&#8221; dnxtiel_image_hover_effect=&#8221;shutter-in-out-diag-2&#8243; dnxtiel_hover_bg=&#8221;#E3A924&#8243; _builder_version=&#8221;4.27.2&#8243; _module_preset=&#8221;default&#8221; hover_text_fonts_font=&#8221;|700|||||||&#8221; border_radii=&#8221;off|50px|50px|0px|0px&#8221; global_colors_info=&#8221;{}&#8221;][\/dnxtiel_next_image_effect][et_pb_text _builder_version=&#8221;4.27.2&#8243; _module_preset=&#8221;default&#8221; text_font=&#8221;|700||on|||||&#8221; text_text_color=&#8221;#E3A924&#8243; text_font_size=&#8221;20px&#8221; text_line_height=&#8221;1em&#8221; text_orientation=&#8221;center&#8221; custom_margin=&#8221;-30px||||false|false&#8221; global_colors_info=&#8221;{}&#8221;]<\/p>\n<p><span>Mariachi Gallos de M\u00e9xico<\/span><\/p>\n<p>[\/et_pb_text][et_pb_text _builder_version=&#8221;4.27.2&#8243; _module_preset=&#8221;default&#8221; text_text_color=&#8221;#003366&#8243; text_orientation=&#8221;center&#8221; custom_margin=&#8221;-25px||||false|false&#8221; global_colors_info=&#8221;{}&#8221;]<\/p>\n<p>Fundando en 1999 esta agrupaci\u00f3n ha realizado giras en Espa\u00f1a, Colombia, Corea, Belice, Guatemala, Estados Unidos y por supuesto M\u00e9xico<\/p>\n<p>[\/et_pb_text][el_modal_popup modal_id=&#8221;el_modal_popup_module_171&#8243; trigger_button_text=&#8221;Ver Video&#8221; modal_content_type=&#8221;video&#8221; modal_content_video=&#8221;https:\/\/congresomundialdelmariachi.com\/wp-content\/uploads\/2025\/10\/Mariachi-Gallos-de-Mexico.mp4&#8243; modal_custom_margin=&#8221;||||false|false&#8221; modal_close_icon_color=&#8221;#E3A924&#8243; _builder_version=&#8221;4.27.4&#8243; _module_preset=&#8221;default&#8221; custom_trigger_button=&#8221;on&#8221; trigger_button_bg_color=&#8221;#E3A924&#8243; custom_close_button=&#8221;on&#8221; close_button_text_color=&#8221;#003366&#8243; text_orientation=&#8221;center&#8221; custom_margin=&#8221;-20px||||false|false&#8221; locked=&#8221;off&#8221; global_colors_info=&#8221;{}&#8221; trigger_button_bg_color__hover_enabled=&#8221;on|hover&#8221; trigger_button_bg_color__hover=&#8221;#003366&#8243; trigger_button_bg_enable_color__hover=&#8221;on&#8221;][\/el_modal_popup][\/et_pb_column][et_pb_column type=&#8221;1_3&#8243; _builder_version=&#8221;4.27.2&#8243; _module_preset=&#8221;default&#8221; global_colors_info=&#8221;{}&#8221;][dnxtiel_next_image_effect dnxtiel_image=&#8221;https:\/\/congresomundialdelmariachi.com\/wp-content\/uploads\/2024\/10\/460472037_1066519322149963_1839670614739835699_n.jpg&#8221; dnxtiel_heading_text=&#8221;MARIACHI JUVENIL TECALITL\u00c1N&#8221; dnxtiel_image_hover_effect=&#8221;shutter-in-out-diag-2&#8243; dnxtiel_hover_bg=&#8221;#E3A924&#8243; _builder_version=&#8221;4.27.2&#8243; _module_preset=&#8221;default&#8221; hover_text_fonts_font=&#8221;|700|||||||&#8221; border_radii=&#8221;off|50px|50px|0px|0px&#8221; global_colors_info=&#8221;{}&#8221;][\/dnxtiel_next_image_effect][et_pb_text _builder_version=&#8221;4.27.2&#8243; _module_preset=&#8221;default&#8221; text_font=&#8221;|700||on|||||&#8221; text_text_color=&#8221;#E3A924&#8243; text_font_size=&#8221;20px&#8221; text_line_height=&#8221;1em&#8221; text_orientation=&#8221;center&#8221; custom_margin=&#8221;-30px||||false|false&#8221; global_colors_info=&#8221;{}&#8221;]<\/p>\n<p>Mariachi JUVENIL TECALITL\u00c1N<\/p>\n<p>[\/et_pb_text][et_pb_text _builder_version=&#8221;4.27.2&#8243; _module_preset=&#8221;default&#8221; text_text_color=&#8221;#003366&#8243; text_orientation=&#8221;center&#8221; custom_margin=&#8221;-25px||||false|false&#8221; global_colors_info=&#8221;{}&#8221;]<\/p>\n<p>Herederos de una gran tradici\u00f3n musical nacidos en 1985, a lo largo de 39 a\u00f1os de carrera art\u00edstica, han recibido diversos reconocimientos dentro y fuera de pa\u00eds<\/p>\n<p>[\/et_pb_text][el_modal_popup modal_id=&#8221;el_modal_popup_module_174&#8243; trigger_button_text=&#8221;Ver Video&#8221; modal_content_type=&#8221;video&#8221; modal_content_video=&#8221;https:\/\/congresomundialdelmariachi.com\/wp-content\/uploads\/2025\/10\/Mariachi-Juvenil-Tecalitlan.mp4&#8243; modal_custom_margin=&#8221;||||false|false&#8221; modal_close_icon_color=&#8221;#E3A924&#8243; _builder_version=&#8221;4.27.4&#8243; _module_preset=&#8221;default&#8221; custom_trigger_button=&#8221;on&#8221; trigger_button_bg_color=&#8221;#E3A924&#8243; custom_close_button=&#8221;on&#8221; close_button_text_color=&#8221;#003366&#8243; text_orientation=&#8221;center&#8221; custom_margin=&#8221;-20px||||false|false&#8221; locked=&#8221;off&#8221; global_colors_info=&#8221;{}&#8221; trigger_button_bg_color__hover_enabled=&#8221;on|hover&#8221; trigger_button_bg_color__hover=&#8221;#003366&#8243; trigger_button_bg_enable_color__hover=&#8221;on&#8221;][\/el_modal_popup][\/et_pb_column][\/et_pb_row][et_pb_row column_structure=&#8221;1_3,1_3,1_3&#8243; _builder_version=&#8221;4.27.4&#8243; _module_preset=&#8221;default&#8221; width=&#8221;95%&#8221; max_width=&#8221;2560px&#8221; global_colors_info=&#8221;{}&#8221;][et_pb_column type=&#8221;1_3&#8243; _builder_version=&#8221;4.27.2&#8243; _module_preset=&#8221;default&#8221; global_colors_info=&#8221;{}&#8221;][dnxtiel_next_image_effect dnxtiel_image=&#8221;https:\/\/congresomundialdelmariachi.com\/wp-content\/uploads\/2024\/10\/417447004_794069712765398_738506947359559074_n.jpg&#8221; dnxtiel_heading_text=&#8221;Mariachi MEXICANA HERMOSA&#8221; dnxtiel_image_hover_effect=&#8221;shutter-in-out-diag-2&#8243; dnxtiel_hover_bg=&#8221;#E3A924&#8243; _builder_version=&#8221;4.27.2&#8243; _module_preset=&#8221;default&#8221; hover_text_fonts_font=&#8221;|700||on|||||&#8221; border_radii=&#8221;off|50px|50px|0px|0px&#8221; global_colors_info=&#8221;{}&#8221;][\/dnxtiel_next_image_effect][et_pb_text _builder_version=&#8221;4.27.2&#8243; _module_preset=&#8221;default&#8221; text_font=&#8221;|700||on|||||&#8221; text_text_color=&#8221;#E3A924&#8243; text_font_size=&#8221;20px&#8221; text_line_height=&#8221;1em&#8221; text_orientation=&#8221;center&#8221; custom_margin=&#8221;-30px||||false|false&#8221; global_colors_info=&#8221;{}&#8221;]<\/p>\n<p><span>MARIACHI MEXICANA HERMOSA<\/span><\/p>\n<p>[\/et_pb_text][et_pb_text _builder_version=&#8221;4.27.2&#8243; _module_preset=&#8221;default&#8221; text_text_color=&#8221;#003366&#8243; text_orientation=&#8221;center&#8221; custom_margin=&#8221;-25px||||false|false&#8221; global_colors_info=&#8221;{}&#8221;]<\/p>\n<p>Es una agrupaci\u00f3n conformada por 12 mujeres bien orgullosas de tocar m\u00fasica y que se han hecho virales despu\u00e9s de cantarle a Margot Robbie y Ryan Gosling en la premiere de Barbie en la CDMX.<\/p>\n<p>[\/et_pb_text][\/et_pb_column][et_pb_column type=&#8221;1_3&#8243; _builder_version=&#8221;4.27.2&#8243; _module_preset=&#8221;default&#8221; global_colors_info=&#8221;{}&#8221;][dnxtiel_next_image_effect dnxtiel_image=&#8221;https:\/\/congresomundialdelmariachi.com\/wp-content\/uploads\/2024\/10\/302419621_585615719877713_1340100365245216613_n.jpg&#8221; dnxtiel_heading_text=&#8221;Mariachi Sonidos de Am\u00e9rica&#8221; dnxtiel_image_hover_effect=&#8221;shutter-in-out-diag-2&#8243; dnxtiel_hover_bg=&#8221;#E3A924&#8243; _builder_version=&#8221;4.27.2&#8243; _module_preset=&#8221;default&#8221; hover_text_fonts_font=&#8221;|700||on|||||&#8221; border_radii=&#8221;off|50px|50px|0px|0px&#8221; global_colors_info=&#8221;{}&#8221;][\/dnxtiel_next_image_effect][et_pb_text _builder_version=&#8221;4.27.2&#8243; _module_preset=&#8221;default&#8221; text_font=&#8221;|700||on|||||&#8221; text_text_color=&#8221;#E3A924&#8243; text_font_size=&#8221;20px&#8221; text_line_height=&#8221;1em&#8221; text_orientation=&#8221;center&#8221; custom_margin=&#8221;-30px||||false|false&#8221; global_colors_info=&#8221;{}&#8221;]<\/p>\n<p>Mariachi Sonidos de Am\u00e9rica<\/p>\n<p>[\/et_pb_text][et_pb_text _builder_version=&#8221;4.27.2&#8243; _module_preset=&#8221;default&#8221; text_text_color=&#8221;#003366&#8243; text_orientation=&#8221;center&#8221; custom_margin=&#8221;-25px||||false|false&#8221; global_colors_info=&#8221;{}&#8221;]<\/p>\n<p>Un mariachi que se esfuerza por presentar innovaciones para complacer a su p\u00fablico<\/p>\n<p>[\/et_pb_text][\/et_pb_column][et_pb_column type=&#8221;1_3&#8243; _builder_version=&#8221;4.27.4&#8243; _module_preset=&#8221;default&#8221; global_colors_info=&#8221;{}&#8221;][dnxtiel_next_image_effect dnxtiel_image=&#8221;https:\/\/congresomundialdelmariachi.com\/wp-content\/uploads\/2024\/10\/PHOTO-2024-07-30-10-34-34-2.jpg&#8221; dnxtiel_heading_text=&#8221;MARIACHI CONTINENTAL&#8221; dnxtiel_image_hover_effect=&#8221;shutter-in-out-diag-2&#8243; dnxtiel_hover_bg=&#8221;#E3A924&#8243; _builder_version=&#8221;4.27.2&#8243; _module_preset=&#8221;default&#8221; hover_text_fonts_font=&#8221;|700|||||||&#8221; border_radii=&#8221;off|50px|50px|0px|0px&#8221; global_colors_info=&#8221;{}&#8221;][\/dnxtiel_next_image_effect][et_pb_text _builder_version=&#8221;4.27.2&#8243; _module_preset=&#8221;default&#8221; text_font=&#8221;|700||on|||||&#8221; text_text_color=&#8221;#E3A924&#8243; text_font_size=&#8221;20px&#8221; text_line_height=&#8221;1em&#8221; text_orientation=&#8221;center&#8221; custom_margin=&#8221;-30px||||false|false&#8221; global_colors_info=&#8221;{}&#8221;]<\/p>\n<p><span>Mariachi CONTINENTAL<\/span><\/p>\n<p>[\/et_pb_text][et_pb_text _builder_version=&#8221;4.27.2&#8243; _module_preset=&#8221;default&#8221; text_text_color=&#8221;#003366&#8243; text_orientation=&#8221;center&#8221; custom_margin=&#8221;-25px||||false|false&#8221; global_colors_info=&#8221;{}&#8221;]<\/p>\n<p>Es una agrupaci\u00f3n de m\u00fasica folcl\u00f3rica mexicana creada en 1968 se caracteriza por ser el marco musical de varios artistas en las famosas fiestas de la amistad en restaurante Arroyo<\/p>\n<p>[\/et_pb_text][\/et_pb_column][\/et_pb_row][et_pb_row column_structure=&#8221;1_3,1_3,1_3&#8243; _builder_version=&#8221;4.27.2&#8243; _module_preset=&#8221;default&#8221; width=&#8221;95%&#8221; max_width=&#8221;2560px&#8221; global_colors_info=&#8221;{}&#8221;][et_pb_column type=&#8221;1_3&#8243; _builder_version=&#8221;4.27.2&#8243; _module_preset=&#8221;default&#8221; global_colors_info=&#8221;{}&#8221;][dnxtiel_next_image_effect dnxtiel_image=&#8221;https:\/\/congresomundialdelmariachi.com\/wp-content\/uploads\/2024\/10\/Captura-de-pantalla-2024-10-10-210204.png&#8221; dnxtiel_heading_text=&#8221;MARIACHI CAMPEROS DE M\u00c9XICO&#8221; dnxtiel_image_hover_effect=&#8221;shutter-in-out-diag-2&#8243; dnxtiel_hover_bg=&#8221;#E3A924&#8243; _builder_version=&#8221;4.27.2&#8243; _module_preset=&#8221;default&#8221; hover_text_fonts_font=&#8221;|700|||||||&#8221; border_radii=&#8221;off|50px|50px|0px|0px&#8221; global_colors_info=&#8221;{}&#8221;][\/dnxtiel_next_image_effect][et_pb_text _builder_version=&#8221;4.27.2&#8243; _module_preset=&#8221;default&#8221; text_font=&#8221;|700||on|||||&#8221; text_text_color=&#8221;#E3A924&#8243; text_font_size=&#8221;20px&#8221; text_line_height=&#8221;1em&#8221; text_orientation=&#8221;center&#8221; custom_margin=&#8221;-30px||||false|false&#8221; global_colors_info=&#8221;{}&#8221;]<\/p>\n<p>Mariachi Camperos de M\u00e9xico<\/p>\n<p>[\/et_pb_text][et_pb_text _builder_version=&#8221;4.27.2&#8243; _module_preset=&#8221;default&#8221; text_text_color=&#8221;#003366&#8243; text_orientation=&#8221;center&#8221; custom_margin=&#8221;-25px||||false|false&#8221; global_colors_info=&#8221;{}&#8221;]<\/p>\n<p>Se fundo en 2013 llevando con orgullo la herencia y el gusto por la m\u00fasica de Mariachi, a pesar de su corta trayectoria, con su gran dedicaci\u00f3n han logrado presentarse en diversos escenarios y programas<\/p>\n<p>[\/et_pb_text][el_modal_popup modal_id=&#8221;el_modal_popup_module_177&#8243; trigger_button_text=&#8221;Ver Video&#8221; modal_content_type=&#8221;video&#8221; modal_content_video=&#8221;https:\/\/congresomundialdelmariachi.com\/wp-content\/uploads\/2025\/10\/Mariachi-Camperos.mp4&#8243; modal_custom_margin=&#8221;||||false|false&#8221; modal_close_icon_color=&#8221;#E3A924&#8243; _builder_version=&#8221;4.27.4&#8243; _module_preset=&#8221;default&#8221; custom_trigger_button=&#8221;on&#8221; trigger_button_bg_color=&#8221;#E3A924&#8243; custom_close_button=&#8221;on&#8221; close_button_text_color=&#8221;#003366&#8243; text_orientation=&#8221;center&#8221; custom_margin=&#8221;-20px||||false|false&#8221; locked=&#8221;off&#8221; global_colors_info=&#8221;{}&#8221; trigger_button_bg_color__hover_enabled=&#8221;on|hover&#8221; trigger_button_bg_color__hover=&#8221;#003366&#8243; trigger_button_bg_enable_color__hover=&#8221;on&#8221;][\/el_modal_popup][\/et_pb_column][et_pb_column type=&#8221;1_3&#8243; _builder_version=&#8221;4.27.2&#8243; _module_preset=&#8221;default&#8221; global_colors_info=&#8221;{}&#8221;][dnxtiel_next_image_effect dnxtiel_image=&#8221;https:\/\/congresomundialdelmariachi.com\/wp-content\/uploads\/2024\/10\/Mariachi-Rey-de-America-1.jpg&#8221; dnxtiel_heading_text=&#8221;MARIACHI REY DE AM\u00c9RICA&#8221; dnxtiel_image_hover_effect=&#8221;shutter-in-out-diag-2&#8243; dnxtiel_hover_bg=&#8221;#E3A924&#8243; _builder_version=&#8221;4.27.2&#8243; _module_preset=&#8221;default&#8221; hover_text_fonts_font=&#8221;|700|||||||&#8221; border_radii=&#8221;off|50px|50px|0px|0px&#8221; global_colors_info=&#8221;{}&#8221;][\/dnxtiel_next_image_effect][et_pb_text _builder_version=&#8221;4.27.2&#8243; _module_preset=&#8221;default&#8221; text_font=&#8221;|700||on|||||&#8221; text_text_color=&#8221;#E3A924&#8243; text_font_size=&#8221;20px&#8221; text_line_height=&#8221;1em&#8221; text_orientation=&#8221;center&#8221; custom_margin=&#8221;-30px||||false|false&#8221; global_colors_info=&#8221;{}&#8221;]<\/p>\n<p><span>Mariachi Rey de Am\u00e9rica<\/span><\/p>\n<p>[\/et_pb_text][et_pb_text _builder_version=&#8221;4.27.2&#8243; _module_preset=&#8221;default&#8221; text_text_color=&#8221;#003366&#8243; text_orientation=&#8221;center&#8221; custom_margin=&#8221;-25px||||false|false&#8221; global_colors_info=&#8221;{}&#8221;]<\/p>\n<p>Pasi\u00f3n, familia y tradici\u00f3n. Mariachi Rey de Am\u00e9rica, \u00a1s\u00ed se\u00f1or!<\/p>\n<p>[\/et_pb_text][el_modal_popup modal_id=&#8221;el_modal_popup_module_177&#8243; trigger_button_text=&#8221;Ver Video&#8221; modal_content_type=&#8221;video&#8221; modal_content_video=&#8221;https:\/\/congresomundialdelmariachi.com\/wp-content\/uploads\/2025\/10\/Mariachi-Rey-de-America.mp4&#8243; modal_custom_margin=&#8221;||||false|false&#8221; modal_close_icon_color=&#8221;#E3A924&#8243; _builder_version=&#8221;4.27.4&#8243; _module_preset=&#8221;default&#8221; custom_trigger_button=&#8221;on&#8221; trigger_button_bg_color=&#8221;#E3A924&#8243; custom_close_button=&#8221;on&#8221; close_button_text_color=&#8221;#003366&#8243; text_orientation=&#8221;center&#8221; custom_margin=&#8221;-20px||||false|false&#8221; locked=&#8221;off&#8221; global_colors_info=&#8221;{}&#8221; trigger_button_bg_color__hover_enabled=&#8221;on|hover&#8221; trigger_button_bg_color__hover=&#8221;#003366&#8243; trigger_button_bg_enable_color__hover=&#8221;on&#8221;][\/el_modal_popup][\/et_pb_column][et_pb_column type=&#8221;1_3&#8243; _builder_version=&#8221;4.27.2&#8243; _module_preset=&#8221;default&#8221; global_colors_info=&#8221;{}&#8221;][dnxtiel_next_image_effect dnxtiel_image=&#8221;https:\/\/congresomundialdelmariachi.com\/wp-content\/uploads\/2024\/10\/399964649_841199898008375_4855973170451220500_n-1.jpg&#8221; dnxtiel_heading_text=&#8221;Mariachi LIRA DE ORO&#8221; dnxtiel_image_hover_effect=&#8221;shutter-in-out-diag-2&#8243; dnxtiel_hover_bg=&#8221;#E3A924&#8243; _builder_version=&#8221;4.27.2&#8243; _module_preset=&#8221;default&#8221; hover_text_fonts_font=&#8221;|700||on|||||&#8221; border_radii=&#8221;off|50px|50px|0px|0px&#8221; global_colors_info=&#8221;{}&#8221;][\/dnxtiel_next_image_effect][et_pb_text _builder_version=&#8221;4.27.2&#8243; _module_preset=&#8221;default&#8221; text_font=&#8221;|700||on|||||&#8221; text_text_color=&#8221;#E3A924&#8243; text_font_size=&#8221;20px&#8221; text_line_height=&#8221;1em&#8221; text_orientation=&#8221;center&#8221; custom_margin=&#8221;-30px||||false|false&#8221; global_colors_info=&#8221;{}&#8221;]<\/p>\n<p><span>Mariachi Lira de Oro<\/span><\/p>\n<p>[\/et_pb_text][et_pb_text _builder_version=&#8221;4.27.2&#8243; _module_preset=&#8221;default&#8221; text_text_color=&#8221;#003366&#8243; text_orientation=&#8221;center&#8221; custom_margin=&#8221;-25px||||false|false&#8221; global_colors_info=&#8221;{}&#8221;]<\/p>\n<p><span>Naci\u00f3 el 4 de julio de 1992 con una trayectoria de m\u00e1s de 30 a\u00f1os<\/span><\/p>\n<p>[\/et_pb_text][el_modal_popup modal_id=&#8221;el_modal_popup_module_173&#8243; trigger_button_text=&#8221;Ver Video&#8221; modal_content_type=&#8221;video&#8221; modal_content_video=&#8221;https:\/\/congresomundialdelmariachi.com\/wp-content\/uploads\/2025\/10\/Mariachi-Lira-de-Oro.mp4&#8243; modal_custom_margin=&#8221;||||false|false&#8221; modal_close_icon_color=&#8221;#E3A924&#8243; _builder_version=&#8221;4.27.4&#8243; _module_preset=&#8221;default&#8221; custom_trigger_button=&#8221;on&#8221; trigger_button_bg_color=&#8221;#E3A924&#8243; custom_close_button=&#8221;on&#8221; close_button_text_color=&#8221;#003366&#8243; text_orientation=&#8221;center&#8221; custom_margin=&#8221;-20px||||false|false&#8221; locked=&#8221;off&#8221; global_colors_info=&#8221;{}&#8221; trigger_button_bg_color__hover_enabled=&#8221;on|hover&#8221; trigger_button_bg_color__hover=&#8221;#003366&#8243; trigger_button_bg_enable_color__hover=&#8221;on&#8221;][\/el_modal_popup][\/et_pb_column][\/et_pb_row][et_pb_row column_structure=&#8221;1_3,1_3,1_3&#8243; _builder_version=&#8221;4.27.2&#8243; _module_preset=&#8221;default&#8221; width=&#8221;95%&#8221; max_width=&#8221;2560px&#8221; global_colors_info=&#8221;{}&#8221;][et_pb_column type=&#8221;1_3&#8243; _builder_version=&#8221;4.27.2&#8243; _module_preset=&#8221;default&#8221; global_colors_info=&#8221;{}&#8221;][dnxtiel_next_image_effect dnxtiel_image=&#8221;https:\/\/congresomundialdelmariachi.com\/wp-content\/uploads\/2024\/10\/409181891_868327411964369_1485277864817270457_n-2.jpg&#8221; dnxtiel_heading_text=&#8221;internacional Mariachi Puebla&#8221; dnxtiel_image_hover_effect=&#8221;shutter-in-out-diag-2&#8243; dnxtiel_hover_bg=&#8221;#E3A924&#8243; _builder_version=&#8221;4.27.2&#8243; _module_preset=&#8221;default&#8221; hover_text_fonts_font=&#8221;|700||on|||||&#8221; border_radii=&#8221;off|50px|50px|0px|0px&#8221; global_colors_info=&#8221;{}&#8221;][\/dnxtiel_next_image_effect][et_pb_text _builder_version=&#8221;4.27.2&#8243; _module_preset=&#8221;default&#8221; text_font=&#8221;|700||on|||||&#8221; text_text_color=&#8221;#E3A924&#8243; text_font_size=&#8221;20px&#8221; text_line_height=&#8221;1em&#8221; text_orientation=&#8221;center&#8221; custom_margin=&#8221;-30px||||false|false&#8221; global_colors_info=&#8221;{}&#8221;]<\/p>\n<p>I<span>nternacional Mariachi Puebla<\/span><\/p>\n<p>[\/et_pb_text][et_pb_text _builder_version=&#8221;4.27.2&#8243; _module_preset=&#8221;default&#8221; text_text_color=&#8221;#003366&#8243; text_orientation=&#8221;center&#8221; custom_margin=&#8221;-25px||||false|false&#8221; global_colors_info=&#8221;{}&#8221;]<\/p>\n<p>Cada miembro de este equipo de talentosos m\u00fasicos aporta su habilidad y pasi\u00f3n para ofrecer actuaciones inolvidables y aut\u00e9nticas. Han estado acompa\u00f1ando a artistas como Siboney Luj\u00e1n en los Premios Bravo<\/p>\n<p>[\/et_pb_text][el_modal_popup modal_id=&#8221;el_modal_popup_module_178&#8243; trigger_button_text=&#8221;Ver Video&#8221; modal_content_type=&#8221;video&#8221; modal_content_video=&#8221;https:\/\/congresomundialdelmariachi.com\/wp-content\/uploads\/2025\/10\/INTERNACIONAL-MARIACHI-PUEBLA.mp4&#8243; modal_custom_margin=&#8221;||||false|false&#8221; modal_close_icon_color=&#8221;#E3A924&#8243; _builder_version=&#8221;4.27.4&#8243; _module_preset=&#8221;default&#8221; custom_trigger_button=&#8221;on&#8221; trigger_button_bg_color=&#8221;#E3A924&#8243; custom_close_button=&#8221;on&#8221; close_button_text_color=&#8221;#003366&#8243; text_orientation=&#8221;center&#8221; custom_margin=&#8221;-20px||||false|false&#8221; locked=&#8221;off&#8221; global_colors_info=&#8221;{}&#8221; trigger_button_bg_color__hover_enabled=&#8221;on|hover&#8221; trigger_button_bg_color__hover=&#8221;#003366&#8243; trigger_button_bg_enable_color__hover=&#8221;on&#8221;][\/el_modal_popup][\/et_pb_column][et_pb_column type=&#8221;1_3&#8243; _builder_version=&#8221;4.27.2&#8243; _module_preset=&#8221;default&#8221; global_colors_info=&#8221;{}&#8221;][dnxtiel_next_image_effect dnxtiel_image=&#8221;https:\/\/congresomundialdelmariachi.com\/wp-content\/uploads\/2024\/10\/285469812_1009613656364345_2690023185013282261_n-1.jpg&#8221; dnxtiel_heading_text=&#8221;Mariachi Emperadores&#8221; dnxtiel_image_hover_effect=&#8221;shutter-in-out-diag-2&#8243; dnxtiel_hover_bg=&#8221;#E3A924&#8243; _builder_version=&#8221;4.27.2&#8243; _module_preset=&#8221;default&#8221; hover_text_fonts_font=&#8221;|700||on|||||&#8221; border_radii=&#8221;off|50px|50px|0px|0px&#8221; global_colors_info=&#8221;{}&#8221;][\/dnxtiel_next_image_effect][et_pb_text _builder_version=&#8221;4.27.2&#8243; _module_preset=&#8221;default&#8221; text_font=&#8221;|700||on|||||&#8221; text_text_color=&#8221;#E3A924&#8243; text_font_size=&#8221;20px&#8221; text_line_height=&#8221;1em&#8221; text_orientation=&#8221;center&#8221; custom_margin=&#8221;-30px||||false|false&#8221; global_colors_info=&#8221;{}&#8221;]<\/p>\n<p><span>Mariachi Emperadores<\/span><\/p>\n<p>[\/et_pb_text][et_pb_text _builder_version=&#8221;4.27.2&#8243; _module_preset=&#8221;default&#8221; text_text_color=&#8221;#003366&#8243; text_orientation=&#8221;center&#8221; custom_margin=&#8221;-25px||||false|false&#8221; global_colors_info=&#8221;{}&#8221;]<\/p>\n<p>Es una agrupaci\u00f3n orgullosamente Hidalguense. Cuenta con una amplia trayectoria y se han presentado en varios eventos a lo largo de la rep\u00fablica mexicana<\/p>\n<p>[\/et_pb_text][el_modal_popup modal_id=&#8221;el_modal_popup_module_178&#8243; trigger_button_text=&#8221;Ver Video&#8221; modal_content_type=&#8221;video&#8221; modal_content_video=&#8221;https:\/\/congresomundialdelmariachi.com\/wp-content\/uploads\/2025\/10\/Emperadores-de-Mexico.mp4&#8243; modal_custom_margin=&#8221;||||false|false&#8221; modal_close_icon_color=&#8221;#E3A924&#8243; _builder_version=&#8221;4.27.4&#8243; _module_preset=&#8221;default&#8221; custom_trigger_button=&#8221;on&#8221; trigger_button_bg_color=&#8221;#E3A924&#8243; custom_close_button=&#8221;on&#8221; close_button_text_color=&#8221;#003366&#8243; text_orientation=&#8221;center&#8221; custom_margin=&#8221;-20px||||false|false&#8221; locked=&#8221;off&#8221; global_colors_info=&#8221;{}&#8221; trigger_button_bg_color__hover_enabled=&#8221;on|hover&#8221; trigger_button_bg_color__hover=&#8221;#003366&#8243; trigger_button_bg_enable_color__hover=&#8221;on&#8221;][\/el_modal_popup][\/et_pb_column][et_pb_column type=&#8221;1_3&#8243; _builder_version=&#8221;4.27.2&#8243; _module_preset=&#8221;default&#8221; global_colors_info=&#8221;{}&#8221;][dnxtiel_next_image_effect dnxtiel_image=&#8221;https:\/\/congresomundialdelmariachi.com\/wp-content\/uploads\/2024\/10\/Mariachi-Perla-Jalisciense-1.jpg&#8221; dnxtiel_heading_text=&#8221;Mariachi Perla Jalisciense&#8221; dnxtiel_image_hover_effect=&#8221;shutter-in-out-diag-2&#8243; dnxtiel_hover_bg=&#8221;#E3A924&#8243; _builder_version=&#8221;4.27.2&#8243; _module_preset=&#8221;default&#8221; hover_text_fonts_font=&#8221;|700||on|||||&#8221; border_radii=&#8221;off|50px|50px|0px|0px&#8221; global_colors_info=&#8221;{}&#8221;][\/dnxtiel_next_image_effect][et_pb_text _builder_version=&#8221;4.27.2&#8243; _module_preset=&#8221;default&#8221; text_font=&#8221;|700||on|||||&#8221; text_text_color=&#8221;#E3A924&#8243; text_font_size=&#8221;20px&#8221; text_line_height=&#8221;1em&#8221; text_orientation=&#8221;center&#8221; custom_margin=&#8221;-30px||||false|false&#8221; global_colors_info=&#8221;{}&#8221;]<\/p>\n<p><span>Mariachi Perla Jalisciense<\/span><\/p>\n<p>[\/et_pb_text][et_pb_text _builder_version=&#8221;4.27.2&#8243; _module_preset=&#8221;default&#8221; text_text_color=&#8221;#003366&#8243; text_orientation=&#8221;center&#8221; custom_margin=&#8221;-25px||||false|false&#8221; global_colors_info=&#8221;{}&#8221;]<\/p>\n<p>Esta agrupaci\u00f3n fue fundada en 1988 por el maestro Juan Pinz\u00f3n<\/p>\n<p>[\/et_pb_text][el_modal_popup modal_id=&#8221;el_modal_popup_module_179&#8243; trigger_button_text=&#8221;Ver Video&#8221; modal_content_type=&#8221;video&#8221; modal_content_video=&#8221;https:\/\/congresomundialdelmariachi.com\/wp-content\/uploads\/2025\/10\/Mariachi-Perla-Jalisciense.mp4&#8243; modal_custom_margin=&#8221;||||false|false&#8221; modal_close_icon_color=&#8221;#E3A924&#8243; _builder_version=&#8221;4.27.4&#8243; _module_preset=&#8221;default&#8221; custom_trigger_button=&#8221;on&#8221; trigger_button_bg_color=&#8221;#E3A924&#8243; custom_close_button=&#8221;on&#8221; close_button_text_color=&#8221;#003366&#8243; text_orientation=&#8221;center&#8221; custom_margin=&#8221;-20px||||false|false&#8221; locked=&#8221;off&#8221; global_colors_info=&#8221;{}&#8221; trigger_button_bg_color__hover_enabled=&#8221;on|hover&#8221; trigger_button_bg_color__hover=&#8221;#003366&#8243; trigger_button_bg_enable_color__hover=&#8221;on&#8221;][\/el_modal_popup][\/et_pb_column][\/et_pb_row][et_pb_row column_structure=&#8221;1_3,1_3,1_3&#8243; _builder_version=&#8221;4.27.4&#8243; _module_preset=&#8221;default&#8221; width=&#8221;95%&#8221; max_width=&#8221;2560px&#8221; global_colors_info=&#8221;{}&#8221;][et_pb_column type=&#8221;1_3&#8243; _builder_version=&#8221;4.27.2&#8243; _module_preset=&#8221;default&#8221; global_colors_info=&#8221;{}&#8221;][dnxtiel_next_image_effect dnxtiel_image=&#8221;https:\/\/congresomundialdelmariachi.com\/wp-content\/uploads\/2024\/10\/Captura-de-pantalla-2024-10-17-165239.png&#8221; dnxtiel_heading_text=&#8221;Mariachi REINAS DE GARIBALDI&#8221; dnxtiel_image_hover_effect=&#8221;shutter-in-out-diag-2&#8243; dnxtiel_hover_bg=&#8221;#E3A924&#8243; _builder_version=&#8221;4.27.2&#8243; _module_preset=&#8221;default&#8221; hover_text_fonts_font=&#8221;|700||on|||||&#8221; border_radii=&#8221;off|50px|50px|0px|0px&#8221; global_colors_info=&#8221;{}&#8221;][\/dnxtiel_next_image_effect][et_pb_text _builder_version=&#8221;4.27.2&#8243; _module_preset=&#8221;default&#8221; text_font=&#8221;|700||on|||||&#8221; text_text_color=&#8221;#E3A924&#8243; text_font_size=&#8221;20px&#8221; text_line_height=&#8221;1em&#8221; text_orientation=&#8221;center&#8221; custom_margin=&#8221;-30px||||false|false&#8221; global_colors_info=&#8221;{}&#8221;]<\/p>\n<p><strong>MARIACHI REINAS DE GARIBALDI<\/strong><\/p>\n<p>[\/et_pb_text][et_pb_text _builder_version=&#8221;4.27.2&#8243; _module_preset=&#8221;default&#8221; text_text_color=&#8221;#003366&#8243; text_orientation=&#8221;center&#8221; custom_margin=&#8221;-25px||||false|false&#8221; global_colors_info=&#8221;{}&#8221;]<\/p>\n<p><span>Este talentoso grupo de mujeres realiza m\u00fasica desde el coraz\u00f3n del mariachi&#8230; La Plaza Garibaldi.<\/span><\/p>\n<p>[\/et_pb_text][el_modal_popup modal_id=&#8221;el_modal_popup_module_181&#8243; trigger_button_text=&#8221;Ver Video&#8221; modal_content_type=&#8221;video&#8221; modal_content_video=&#8221;https:\/\/congresomundialdelmariachi.com\/wp-content\/uploads\/2025\/10\/Mariachi-Reinas-de-Garibaldi.mp4&#8243; modal_custom_margin=&#8221;||||false|false&#8221; modal_close_icon_color=&#8221;#E3A924&#8243; _builder_version=&#8221;4.27.4&#8243; _module_preset=&#8221;default&#8221; custom_trigger_button=&#8221;on&#8221; trigger_button_bg_color=&#8221;#E3A924&#8243; custom_close_button=&#8221;on&#8221; close_button_text_color=&#8221;#003366&#8243; text_orientation=&#8221;center&#8221; custom_margin=&#8221;-20px||||false|false&#8221; hover_enabled=&#8221;0&#8243; locked=&#8221;off&#8221; global_colors_info=&#8221;{}&#8221; trigger_button_bg_color__hover_enabled=&#8221;on|hover&#8221; trigger_button_bg_color__hover=&#8221;#003366&#8243; trigger_button_bg_enable_color__hover=&#8221;on&#8221; title_text=&#8221;Mariachi Reinas de Garibaldi&#8221; sticky_enabled=&#8221;0&#8243;][\/el_modal_popup][\/et_pb_column][et_pb_column type=&#8221;1_3&#8243; _builder_version=&#8221;4.27.2&#8243; _module_preset=&#8221;default&#8221; global_colors_info=&#8221;{}&#8221;][dnxtiel_next_image_effect dnxtiel_image=&#8221;https:\/\/congresomundialdelmariachi.com\/wp-content\/uploads\/2024\/10\/461335626_1050369107094812_3401980949444397597_n-1.jpg&#8221; dnxtiel_heading_text=&#8221;Mariachi Escuela Ollin Yoliztli&#8221; dnxtiel_image_hover_effect=&#8221;shutter-in-out-diag-2&#8243; dnxtiel_hover_bg=&#8221;#E3A924&#8243; _builder_version=&#8221;4.27.2&#8243; _module_preset=&#8221;default&#8221; hover_text_fonts_font=&#8221;|700||on|||||&#8221; border_radii=&#8221;off|50px|50px|0px|0px&#8221; global_colors_info=&#8221;{}&#8221;][\/dnxtiel_next_image_effect][et_pb_text _builder_version=&#8221;4.27.2&#8243; _module_preset=&#8221;default&#8221; text_font=&#8221;|700||on|||||&#8221; text_text_color=&#8221;#E3A924&#8243; text_font_size=&#8221;20px&#8221; text_line_height=&#8221;1em&#8221; text_orientation=&#8221;center&#8221; custom_margin=&#8221;-30px||||false|false&#8221; global_colors_info=&#8221;{}&#8221;]<\/p>\n<p><span>Mariachi Escuela Ollin Yoliztli<\/span><\/p>\n<p>[\/et_pb_text][el_modal_popup modal_id=&#8221;el_modal_popup_module_173&#8243; trigger_button_text=&#8221;Ver Video&#8221; modal_content_type=&#8221;video&#8221; modal_content_video=&#8221;https:\/\/congresomundialdelmariachi.com\/wp-content\/uploads\/2025\/10\/Mariachi-Escuela-Ollin-Yoliztli.mp4&#8243; modal_custom_margin=&#8221;||||false|false&#8221; modal_close_icon_color=&#8221;#E3A924&#8243; _builder_version=&#8221;4.27.4&#8243; _module_preset=&#8221;default&#8221; custom_trigger_button=&#8221;on&#8221; trigger_button_bg_color=&#8221;#E3A924&#8243; custom_close_button=&#8221;on&#8221; close_button_text_color=&#8221;#003366&#8243; text_orientation=&#8221;center&#8221; custom_margin=&#8221;-20px||||false|false&#8221; hover_enabled=&#8221;0&#8243; locked=&#8221;off&#8221; global_colors_info=&#8221;{}&#8221; trigger_button_bg_color__hover_enabled=&#8221;on|hover&#8221; trigger_button_bg_color__hover=&#8221;#003366&#8243; trigger_button_bg_enable_color__hover=&#8221;on&#8221; title_text=&#8221;Mariachi Escuela Ollin Yoliztli&#8221; sticky_enabled=&#8221;0&#8243;][\/el_modal_popup][\/et_pb_column][et_pb_column type=&#8221;1_3&#8243; _builder_version=&#8221;4.27.2&#8243; _module_preset=&#8221;default&#8221; global_colors_info=&#8221;{}&#8221;][dnxtiel_next_image_effect dnxtiel_image=&#8221;https:\/\/congresomundialdelmariachi.com\/wp-content\/uploads\/2024\/10\/NUESTRO-MARIACHI-3-1.jpeg&#8221; dnxtiel_heading_text=&#8221;Nuestro Mariachi de Enrique Cruz&#8221; dnxtiel_image_hover_effect=&#8221;shutter-in-out-diag-2&#8243; dnxtiel_hover_bg=&#8221;#E3A924&#8243; _builder_version=&#8221;4.27.2&#8243; _module_preset=&#8221;default&#8221; hover_text_fonts_font=&#8221;|700||on|||||&#8221; border_radii=&#8221;off|50px|50px|0px|0px&#8221; global_colors_info=&#8221;{}&#8221;][\/dnxtiel_next_image_effect][et_pb_text _builder_version=&#8221;4.27.2&#8243; _module_preset=&#8221;default&#8221; text_font=&#8221;|700||on|||||&#8221; text_text_color=&#8221;#E3A924&#8243; text_font_size=&#8221;20px&#8221; text_line_height=&#8221;1em&#8221; text_orientation=&#8221;center&#8221; custom_margin=&#8221;-30px||||false|false&#8221; global_colors_info=&#8221;{}&#8221;]<\/p>\n<p><span>Nuestro Mariachi de Enrique Cruz<\/span><\/p>\n<p>[\/et_pb_text][et_pb_text _builder_version=&#8221;4.27.2&#8243; _module_preset=&#8221;default&#8221; text_text_color=&#8221;#003366&#8243; text_orientation=&#8221;center&#8221; custom_margin=&#8221;-25px||||false|false&#8221; global_colors_info=&#8221;{}&#8221;]<\/p>\n<p>Este grupo fue formado desde el a\u00f1o 1996. Son expertos en acompa\u00f1amiento de artistas<\/p>\n<p>[\/et_pb_text][el_modal_popup modal_id=&#8221;el_modal_popup_module_173&#8243; trigger_button_text=&#8221;Ver Video&#8221; modal_content_type=&#8221;video&#8221; modal_content_video=&#8221;https:\/\/congresomundialdelmariachi.com\/wp-content\/uploads\/2025\/10\/Nuestro-Mariachi-de-Enrique-Cruz.mp4&#8243; modal_custom_margin=&#8221;||||false|false&#8221; modal_close_icon_color=&#8221;#E3A924&#8243; _builder_version=&#8221;4.27.4&#8243; _module_preset=&#8221;default&#8221; custom_trigger_button=&#8221;on&#8221; trigger_button_bg_color=&#8221;#E3A924&#8243; custom_close_button=&#8221;on&#8221; close_button_text_color=&#8221;#003366&#8243; text_orientation=&#8221;center&#8221; custom_margin=&#8221;-20px||||false|false&#8221; hover_enabled=&#8221;0&#8243; locked=&#8221;off&#8221; global_colors_info=&#8221;{}&#8221; trigger_button_bg_color__hover_enabled=&#8221;on|hover&#8221; trigger_button_bg_color__hover=&#8221;#003366&#8243; trigger_button_bg_enable_color__hover=&#8221;on&#8221; title_text=&#8221;Nuestro Mariachi de Enrique Cruz&#8221; sticky_enabled=&#8221;0&#8243;][\/el_modal_popup][\/et_pb_column][\/et_pb_row][et_pb_row column_structure=&#8221;1_3,1_3,1_3&#8243; _builder_version=&#8221;4.27.4&#8243; _module_preset=&#8221;default&#8221; width=&#8221;95%&#8221; max_width=&#8221;2560px&#8221; hover_enabled=&#8221;0&#8243; global_colors_info=&#8221;{}&#8221; sticky_enabled=&#8221;0&#8243;][et_pb_column type=&#8221;1_3&#8243; _builder_version=&#8221;4.27.2&#8243; _module_preset=&#8221;default&#8221; global_colors_info=&#8221;{}&#8221;][dnxtiel_next_image_effect dnxtiel_image=&#8221;https:\/\/congresomundialdelmariachi.com\/wp-content\/uploads\/2024\/10\/444839349_951959403605309_4705599868094893534_n-1.jpg&#8221; dnxtiel_heading_text=&#8221;Mariachi Universidad Veracruzana&#8221; dnxtiel_image_hover_effect=&#8221;shutter-in-out-diag-2&#8243; dnxtiel_hover_bg=&#8221;#E3A924&#8243; _builder_version=&#8221;4.27.2&#8243; _module_preset=&#8221;default&#8221; hover_text_fonts_font=&#8221;|700||on|||||&#8221; border_radii=&#8221;off|50px|50px|0px|0px&#8221; global_colors_info=&#8221;{}&#8221;][\/dnxtiel_next_image_effect][et_pb_text _builder_version=&#8221;4.27.2&#8243; _module_preset=&#8221;default&#8221; text_font=&#8221;|700||on|||||&#8221; text_text_color=&#8221;#E3A924&#8243; text_font_size=&#8221;20px&#8221; text_line_height=&#8221;1em&#8221; text_orientation=&#8221;center&#8221; custom_margin=&#8221;-30px||||false|false&#8221; global_colors_info=&#8221;{}&#8221;]<\/p>\n<p><span>Mariachi Universidad Veracruzana<\/span><\/p>\n<p>[\/et_pb_text][et_pb_text _builder_version=&#8221;4.27.2&#8243; _module_preset=&#8221;default&#8221; text_text_color=&#8221;#003366&#8243; text_orientation=&#8221;center&#8221; custom_margin=&#8221;-25px||||false|false&#8221; global_colors_info=&#8221;{}&#8221;]<\/p>\n<p>Fundado en el a\u00f1o de 2004 por el maestro H\u00e9ctor Guerrero. Desde su comienzo mostr\u00f3 su sello \u00fanico como parte de una agrupaci\u00f3n que no solo representa una de las mas importantes tradiciones musicales de nuestro pa\u00eds, sino tambi\u00e9n la enorme tradici\u00f3n en la difusi\u00f3n del arte y la cultura de la UV<\/p>\n<p>[\/et_pb_text][el_modal_popup modal_id=&#8221;el_modal_popup_module_181&#8243; trigger_button_text=&#8221;Ver Video&#8221; modal_content_type=&#8221;video&#8221; modal_content_video=&#8221;https:\/\/congresomundialdelmariachi.com\/wp-content\/uploads\/2025\/10\/Mariachi-Universidad-Veracruzana.mp4&#8243; modal_custom_margin=&#8221;||||false|false&#8221; modal_close_icon_color=&#8221;#E3A924&#8243; _builder_version=&#8221;4.27.4&#8243; _module_preset=&#8221;default&#8221; custom_trigger_button=&#8221;on&#8221; trigger_button_bg_color=&#8221;#E3A924&#8243; custom_close_button=&#8221;on&#8221; close_button_text_color=&#8221;#003366&#8243; text_orientation=&#8221;center&#8221; custom_margin=&#8221;-20px||||false|false&#8221; hover_enabled=&#8221;0&#8243; locked=&#8221;off&#8221; global_colors_info=&#8221;{}&#8221; trigger_button_bg_color__hover_enabled=&#8221;on|hover&#8221; trigger_button_bg_color__hover=&#8221;#003366&#8243; trigger_button_bg_enable_color__hover=&#8221;on&#8221; title_text=&#8221;Mariachi Universidad Veracruzana&#8221; sticky_enabled=&#8221;0&#8243;][\/el_modal_popup][\/et_pb_column][et_pb_column type=&#8221;1_3&#8243; _builder_version=&#8221;4.27.2&#8243; _module_preset=&#8221;default&#8221; global_colors_info=&#8221;{}&#8221;][dnxtiel_next_image_effect dnxtiel_image=&#8221;https:\/\/congresomundialdelmariachi.com\/wp-content\/uploads\/2024\/10\/245915469_1297340534041331_3843273014979601037_n-2.jpg&#8221; dnxtiel_heading_text=&#8221;Mariachi Oro de Am\u00e9rica&#8221; dnxtiel_image_hover_effect=&#8221;shutter-in-out-diag-2&#8243; dnxtiel_hover_bg=&#8221;#E3A924&#8243; _builder_version=&#8221;4.27.2&#8243; _module_preset=&#8221;default&#8221; hover_text_fonts_font=&#8221;|700||on|||||&#8221; border_radii=&#8221;off|50px|50px|0px|0px&#8221; global_colors_info=&#8221;{}&#8221;][\/dnxtiel_next_image_effect][et_pb_text _builder_version=&#8221;4.27.2&#8243; _module_preset=&#8221;default&#8221; text_font=&#8221;|700||on|||||&#8221; text_text_color=&#8221;#E3A924&#8243; text_font_size=&#8221;20px&#8221; text_line_height=&#8221;1em&#8221; text_orientation=&#8221;center&#8221; custom_margin=&#8221;-30px||||false|false&#8221; global_colors_info=&#8221;{}&#8221;]<\/p>\n<p><span>Mariachi Oro de Am\u00e9rica<\/span><\/p>\n<p>[\/et_pb_text][et_pb_text _builder_version=&#8221;4.27.2&#8243; _module_preset=&#8221;default&#8221; text_text_color=&#8221;#003366&#8243; text_orientation=&#8221;center&#8221; custom_margin=&#8221;-25px||||false|false&#8221; global_colors_info=&#8221;{}&#8221;]<\/p>\n<p>Este mariachi ha trasmitido el intere\u0301s de nuestra Mu\u0301sica Mexicana lleva\u0301ndola con orgullo durante ya 43 a\u00f1os<\/p>\n<p>[\/et_pb_text][el_modal_popup modal_id=&#8221;el_modal_popup_module_181&#8243; trigger_button_text=&#8221;Ver Video&#8221; modal_content_type=&#8221;video&#8221; modal_content_video=&#8221;https:\/\/congresomundialdelmariachi.com\/wp-content\/uploads\/2025\/10\/MARIACHI-ORO-DE-AMERICA.mp4&#8243; modal_custom_margin=&#8221;||||false|false&#8221; modal_close_icon_color=&#8221;#E3A924&#8243; _builder_version=&#8221;4.27.4&#8243; _module_preset=&#8221;default&#8221; custom_trigger_button=&#8221;on&#8221; trigger_button_bg_color=&#8221;#E3A924&#8243; custom_close_button=&#8221;on&#8221; close_button_text_color=&#8221;#003366&#8243; text_orientation=&#8221;center&#8221; custom_margin=&#8221;-20px||||false|false&#8221; hover_enabled=&#8221;0&#8243; locked=&#8221;off&#8221; global_colors_info=&#8221;{}&#8221; trigger_button_bg_color__hover_enabled=&#8221;on|hover&#8221; trigger_button_bg_color__hover=&#8221;#003366&#8243; trigger_button_bg_enable_color__hover=&#8221;on&#8221; title_text=&#8221;MARIACHI ORO DE AMERICA&#8221; sticky_enabled=&#8221;0&#8243;][\/el_modal_popup][\/et_pb_column][et_pb_column type=&#8221;1_3&#8243; _builder_version=&#8221;4.27.2&#8243; _module_preset=&#8221;default&#8221; global_colors_info=&#8221;{}&#8221;][dnxtiel_next_image_effect dnxtiel_image=&#8221;https:\/\/congresomundialdelmariachi.com\/wp-content\/uploads\/2024\/10\/241715368_4706739272678231_8249843144663390087_n.jpg&#8221; dnxtiel_heading_text=&#8221;Mariachi Potros de M\u00e9xico&#8221; dnxtiel_image_hover_effect=&#8221;shutter-in-out-diag-2&#8243; dnxtiel_hover_bg=&#8221;#E3A924&#8243; _builder_version=&#8221;4.27.2&#8243; _module_preset=&#8221;default&#8221; hover_text_fonts_font=&#8221;|700||on|||||&#8221; border_radii=&#8221;off|50px|50px|0px|0px&#8221; global_colors_info=&#8221;{}&#8221;][\/dnxtiel_next_image_effect][et_pb_text _builder_version=&#8221;4.27.2&#8243; _module_preset=&#8221;default&#8221; text_font=&#8221;|700||on|||||&#8221; text_text_color=&#8221;#E3A924&#8243; text_font_size=&#8221;20px&#8221; text_line_height=&#8221;1em&#8221; text_orientation=&#8221;center&#8221; custom_margin=&#8221;-30px||||false|false&#8221; global_colors_info=&#8221;{}&#8221;]<\/p>\n<p><span>Mariachi Potros de M\u00e9xico<\/span><\/p>\n<p>[\/et_pb_text][et_pb_text _builder_version=&#8221;4.27.2&#8243; _module_preset=&#8221;default&#8221; text_text_color=&#8221;#003366&#8243; text_orientation=&#8221;center&#8221; custom_margin=&#8221;-25px||||false|false&#8221; global_colors_info=&#8221;{}&#8221;]<\/p>\n<p>De Miguel Dar\u00edo es un concepto joven e innovador de la m\u00fasica de mariachi, una reuni\u00f3n de talento, personas preparadas y creativas que satisface el gusto del p\u00fablico con profesionalismo e incomparable cualidad<\/p>\n<p>[\/et_pb_text][\/et_pb_column][\/et_pb_row][et_pb_row column_structure=&#8221;1_3,1_3,1_3&#8243; _builder_version=&#8221;4.27.4&#8243; _module_preset=&#8221;default&#8221; width=&#8221;95%&#8221; max_width=&#8221;2560px&#8221; hover_enabled=&#8221;0&#8243; global_colors_info=&#8221;{}&#8221; sticky_enabled=&#8221;0&#8243;][et_pb_column type=&#8221;1_3&#8243; _builder_version=&#8221;4.27.2&#8243; _module_preset=&#8221;default&#8221; global_colors_info=&#8221;{}&#8221;][dnxtiel_next_image_effect dnxtiel_image=&#8221;https:\/\/congresomundialdelmariachi.com\/wp-content\/uploads\/2024\/10\/453539058_1002732108524531_2778505569086904156_n.jpg&#8221; dnxtiel_heading_text=&#8221;MARIACHI ANGELES DE CALIMAYA&#8221; dnxtiel_image_hover_effect=&#8221;shutter-in-out-diag-2&#8243; dnxtiel_hover_bg=&#8221;#E3A924&#8243; _builder_version=&#8221;4.27.2&#8243; _module_preset=&#8221;default&#8221; hover_text_fonts_font=&#8221;|700|||||||&#8221; border_radii=&#8221;off|50px|50px|0px|0px&#8221; global_colors_info=&#8221;{}&#8221;][\/dnxtiel_next_image_effect][et_pb_text _builder_version=&#8221;4.27.2&#8243; _module_preset=&#8221;default&#8221; text_font=&#8221;|700||on|||||&#8221; text_text_color=&#8221;#E3A924&#8243; text_font_size=&#8221;20px&#8221; text_line_height=&#8221;1em&#8221; text_orientation=&#8221;center&#8221; custom_margin=&#8221;-30px||||false|false&#8221; global_colors_info=&#8221;{}&#8221;]<\/p>\n<p>Mariachi Angeles de Calimaya<\/p>\n<p>[\/et_pb_text][et_pb_text _builder_version=&#8221;4.27.2&#8243; _module_preset=&#8221;default&#8221; text_text_color=&#8221;#003366&#8243; text_orientation=&#8221;center&#8221; custom_margin=&#8221;-25px||||false|false&#8221; global_colors_info=&#8221;{}&#8221;]<\/p>\n<p>49 a\u00f1os de trayectoria \u00a1Si se\u00f1or!<br \/>Orgullo Mexiquense<\/p>\n<p>[\/et_pb_text][\/et_pb_column][et_pb_column type=&#8221;1_3&#8243; _builder_version=&#8221;4.27.2&#8243; _module_preset=&#8221;default&#8221; global_colors_info=&#8221;{}&#8221;][et_pb_text _builder_version=&#8221;4.27.4&#8243; _module_preset=&#8221;default&#8221; text_font=&#8221;|700||on|||||&#8221; text_text_color=&#8221;#E3A924&#8243; text_font_size=&#8221;20px&#8221; text_line_height=&#8221;1em&#8221; text_orientation=&#8221;center&#8221; custom_margin=&#8221;200px||||false|false&#8221; global_colors_info=&#8221;{}&#8221;]<\/p>\n<p><span>Mariachi Caballeros de M\u00e9xico<\/span><\/p>\n<p>[\/et_pb_text][el_modal_popup modal_id=&#8221;el_modal_popup_module_181&#8243; trigger_button_text=&#8221;Ver Video&#8221; modal_content_type=&#8221;video&#8221; modal_content_video=&#8221;https:\/\/congresomundialdelmariachi.com\/wp-content\/uploads\/2025\/10\/Mariachi-Caballeros-de-Mexico.mp4&#8243; modal_custom_margin=&#8221;||||false|false&#8221; modal_close_icon_color=&#8221;#E3A924&#8243; _builder_version=&#8221;4.27.4&#8243; _module_preset=&#8221;default&#8221; custom_trigger_button=&#8221;on&#8221; trigger_button_bg_color=&#8221;#E3A924&#8243; custom_close_button=&#8221;on&#8221; close_button_text_color=&#8221;#003366&#8243; text_orientation=&#8221;center&#8221; custom_margin=&#8221;-20px||||false|false&#8221; hover_enabled=&#8221;0&#8243; locked=&#8221;off&#8221; global_colors_info=&#8221;{}&#8221; trigger_button_bg_color__hover_enabled=&#8221;on|hover&#8221; trigger_button_bg_color__hover=&#8221;#003366&#8243; trigger_button_bg_enable_color__hover=&#8221;on&#8221; title_text=&#8221;Mariachi Caballeros de M\u00e9xico&#8221; sticky_enabled=&#8221;0&#8243;][\/el_modal_popup][\/et_pb_column][et_pb_column type=&#8221;1_3&#8243; _builder_version=&#8221;4.27.2&#8243; _module_preset=&#8221;default&#8221; global_colors_info=&#8221;{}&#8221;][et_pb_text _builder_version=&#8221;4.27.4&#8243; _module_preset=&#8221;default&#8221; text_font=&#8221;|700||on|||||&#8221; text_text_color=&#8221;#E3A924&#8243; text_font_size=&#8221;20px&#8221; text_line_height=&#8221;1em&#8221; text_orientation=&#8221;center&#8221; custom_margin=&#8221;200px||||false|false&#8221; hover_enabled=&#8221;0&#8243; global_colors_info=&#8221;{}&#8221; sticky_enabled=&#8221;0&#8243;]<\/p>\n<p><span>Mariachi NUESTRO M\u00c9XICO<\/span><\/p>\n<p>[\/et_pb_text][el_modal_popup modal_id=&#8221;el_modal_popup_module_181&#8243; trigger_button_text=&#8221;Ver Video&#8221; modal_content_type=&#8221;video&#8221; modal_content_video=&#8221;https:\/\/congresomundialdelmariachi.com\/wp-content\/uploads\/2025\/10\/Mariachi-Nuestro-Mexico.mp4&#8243; modal_custom_margin=&#8221;||||false|false&#8221; modal_close_icon_color=&#8221;#E3A924&#8243; _builder_version=&#8221;4.27.4&#8243; _module_preset=&#8221;default&#8221; custom_trigger_button=&#8221;on&#8221; trigger_button_bg_color=&#8221;#E3A924&#8243; custom_close_button=&#8221;on&#8221; close_button_text_color=&#8221;#003366&#8243; text_orientation=&#8221;center&#8221; custom_margin=&#8221;-20px||||false|false&#8221; hover_enabled=&#8221;0&#8243; locked=&#8221;off&#8221; global_colors_info=&#8221;{}&#8221; trigger_button_bg_color__hover_enabled=&#8221;on|hover&#8221; trigger_button_bg_color__hover=&#8221;#003366&#8243; trigger_button_bg_enable_color__hover=&#8221;on&#8221; title_text=&#8221;Mariachi Nuestro M\u00e9xico&#8221; sticky_enabled=&#8221;0&#8243;][\/el_modal_popup][\/et_pb_column][\/et_pb_row][\/et_pb_section]<\/p>","protected":false},"excerpt":{"rendered":"<p>Conoce a las agrupaciones de mariachi que nos pondr\u00e1n a bailar y cantar en el 1er Congreso Mundial del Mariachi<div class=\"et_pb_module dnxtiel_next_image_effect dnxtiel_next_image_effect_0\">\n\t\t\t\t\n\t\t\t\t\n\t\t\t\t\n\t\t\t\t\n\t\t\t\t\n\t\t\t\t\n\t\t\t\t<div class=\"et_pb_module_inner\">\n\t\t\t\t\t<figure class=\"imghvr-shutter-in-out-diag-2 dnxtiel-imghvr-wrapper\">\r\n\t\t\t\t<img decoding=\"async\" src=\"https:\/\/congresomundialdelmariachi.com\/wp-content\/uploads\/2024\/10\/MARIACHI-DE-AMERICA-DE-JESUS-RODRIGUEZ-DE-HIJAR-2-1.jpg\" alt=\"\" srcset=\"https:\/\/congresomundialdelmariachi.com\/wp-content\/uploads\/2024\/10\/MARIACHI-DE-AMERICA-DE-JESUS-RODRIGUEZ-DE-HIJAR-2-1.jpg 848w, https:\/\/congresomundialdelmariachi.com\/wp-content\/uploads\/2024\/10\/MARIACHI-DE-AMERICA-DE-JESUS-RODRIGUEZ-DE-HIJAR-2-1-480x265.jpg 480w\" sizes=\"(min-width: 0px) and (max-width: 480px) 480px, (min-width: 481px) 848px, 100vw\" \/>\r\n\t\t\t\t<figcaption class=\"dnxtiel-imghvr-content\">\r\n\t\t\t\t\t\r\n\t\t\t\t\t<h2 class=\"dnxtiel-heading\">Mariachi de Am\u00e9rica de Jes\u00fas Rodr\u00edguez de Hijar<\/h2>\r\n\t\t\t\t\t\r\n\t\t\t\t\t\r\n\t\t\t\t<\/figcaption>\r\n\t\t  \t<\/figure>\n\t\t\t\t<\/div>\n\t\t\t<\/div>Mariachi de Am\u00e9rica de Jes\u00fas Rodr\u00edguez de HijarEsta agrupaci\u00f3n llena de tradici\u00f3n ha estado acompa\u00f1ando a artistas como: Lola Beltr\u00e1n, [&hellip;]<\/p>","protected":false},"author":2,"featured_media":0,"parent":0,"menu_order":0,"comment_status":"closed","ping_status":"closed","template":"","meta":{"_et_pb_use_builder":"on","_et_pb_old_content":"","_et_gb_content_width":"","footnotes":""},"class_list":["post-1096","page","type-page","status-publish","hentry"],"_links":{"self":[{"href":"https:\/\/congresomundialdelmariachi.com\/en\/wp-json\/wp\/v2\/pages\/1096","targetHints":{"allow":["GET"]}}],"collection":[{"href":"https:\/\/congresomundialdelmariachi.com\/en\/wp-json\/wp\/v2\/pages"}],"about":[{"href":"https:\/\/congresomundialdelmariachi.com\/en\/wp-json\/wp\/v2\/types\/page"}],"author":[{"embeddable":true,"href":"https:\/\/congresomundialdelmariachi.com\/en\/wp-json\/wp\/v2\/users\/2"}],"replies":[{"embeddable":true,"href":"https:\/\/congresomundialdelmariachi.com\/en\/wp-json\/wp\/v2\/comments?post=1096"}],"version-history":[{"count":44,"href":"https:\/\/congresomundialdelmariachi.com\/en\/wp-json\/wp\/v2\/pages\/1096\/revisions"}],"predecessor-version":[{"id":2297,"href":"https:\/\/congresomundialdelmariachi.com\/en\/wp-json\/wp\/v2\/pages\/1096\/revisions\/2297"}],"wp:attachment":[{"href":"https:\/\/congresomundialdelmariachi.com\/en\/wp-json\/wp\/v2\/media?parent=1096"}],"curies":[{"name":"wp","href":"https:\/\/api.w.org\/{rel}","templated":true}]}}